{"id":10489,"date":"2022-10-29T23:00:05","date_gmt":"2022-10-29T21:00:05","guid":{"rendered":"https:\/\/www.vins-bergeracduras.fr\/recette\/oeuf-poche-aux-lentilles-vertes-a-la-creme-de-champignons-et-au-foie-gras-de-canard-du-perigord-poele\/"},"modified":"2022-12-08T10:24:17","modified_gmt":"2022-12-08T09:24:17","slug":"oeuf-poche-aux-lentilles-vertes-a-la-creme-de-champignons-et-au-foie-gras-de-canard-du-perigord-poele","status":"publish","type":"recette","link":"https:\/\/www.vins-bergeracduras.fr\/en\/recette\/oeuf-poche-aux-lentilles-vertes-a-la-creme-de-champignons-et-au-foie-gras-de-canard-du-perigord-poele\/","title":{"rendered":"Oeuf poch\u00e9 aux lentilles vertes, \u00e0 la cr\u00e8me de champignons et au foie gras de canard du P\u00e9rigord po\u00eal\u00e9"},"content":{"rendered":"\n<p>1\/ Faites revenir l\u2019oignon, la carotte, l\u2019ail, les lardons avec un filet d\u2019huile. Ajoutez les lentilles, le vin, le bouillon. Laissez mijoter \u00e0 couvert environ 40 minutes. Portez \u00e0 \u00e9bullition les queues de champignons avec le jus de citron et 50g d\u2019eau, versez la cr\u00e8me puis laissez r\u00e9duire \u00e0 feu doux.<\/p>\n\n<p>2\/ Faites revenir les t\u00eates de champignons \u00e9minc\u00e9es avec un filet d\u2019huile. Salez et poivrez.<\/p>\n\n<p>3\/ Portez \u00e0 fr\u00e9missement 3 litres d\u2019eau avec le vinaire. Cassez chaque \u0153uf s\u00e9par\u00e9ment, faites-les pocher un par un, pendant 1 \u00e0 2 minutes. Po\u00ealez rapidement les escalopes de foie gras.<\/p>\n\n<p>4\/ R\u00e9partissez les lentilles dans 4 assiettes creuses, ajoutez les \u0153ufs poch\u00e9s, nappez de cr\u00e8me de champignon, d\u00e9corez de tranches de champignons puis disposez les escalopes. Ajoutez la fleur de sel, poivrez, parsemez de persil.<\/p>\n","protected":false},"excerpt":{"rendered":"<p>1\/ Faites revenir l\u2019oignon, la carotte, l\u2019ail, les lardons avec un filet d\u2019huile. Ajoutez les lentilles, le vin, le bouillon. Laissez mijoter \u00e0 couvert environ 40 minutes. Portez \u00e0 \u00e9bullition les queues de champignons avec le jus de citron et 50g d\u2019eau, versez la cr\u00e8me puis laissez r\u00e9duire \u00e0 feu doux. 2\/ Faites revenir les [&hellip;]<\/p>\n","protected":false},"author":1,"featured_media":9855,"template":"","tax_recette":[20,21,23,26,18,17,30],"class_list":["post-10489","recette","type-recette","status-publish","has-post-thumbnail","hentry","tax_recette-bergerac-blanc-sec","tax_recette-bergerac-rouge","tax_recette-cotes-de-bergerac-rouge","tax_recette-cotes-de-duras-blanc-sec","tax_recette-montravel-blanc-sec","tax_recette-montravel-rouge","tax_recette-pecharmant"],"acf":[],"yoast_head":"<!-- This site is optimized with the Yoast SEO plugin v25.5 - https:\/\/yoast.com\/wordpress\/plugins\/seo\/ -->\n<title>Oeuf poch\u00e9 aux lentilles vertes, \u00e0 la cr\u00e8me de champignons et au foie gras de canard du P\u00e9rigord po\u00eal\u00e9 - Vins de Bergerac et Duras<\/title>\n<meta name=\"robots\" content=\"index, follow, max-snippet:-1, max-image-preview:large, max-video-preview:-1\" \/>\n<link rel=\"canonical\" href=\"https:\/\/www.vins-bergeracduras.fr\/en\/recette\/oeuf-poche-aux-lentilles-vertes-a-la-creme-de-champignons-et-au-foie-gras-de-canard-du-perigord-poele\/\" \/>\n<meta property=\"og:locale\" content=\"en_US\" \/>\n<meta property=\"og:type\" content=\"article\" \/>\n<meta property=\"og:title\" content=\"Oeuf poch\u00e9 aux lentilles vertes, \u00e0 la cr\u00e8me de champignons et au foie gras de canard du P\u00e9rigord po\u00eal\u00e9 - Vins de Bergerac et Duras\" \/>\n<meta property=\"og:description\" content=\"1\/ Faites revenir l\u2019oignon, la carotte, l\u2019ail, les lardons avec un filet d\u2019huile. Ajoutez les lentilles, le vin, le bouillon. Laissez mijoter \u00e0 couvert environ 40 minutes. Portez \u00e0 \u00e9bullition les queues de champignons avec le jus de citron et 50g d\u2019eau, versez la cr\u00e8me puis laissez r\u00e9duire \u00e0 feu doux. 2\/ Faites revenir les [&hellip;]\" \/>\n<meta property=\"og:url\" content=\"https:\/\/www.vins-bergeracduras.fr\/en\/recette\/oeuf-poche-aux-lentilles-vertes-a-la-creme-de-champignons-et-au-foie-gras-de-canard-du-perigord-poele\/\" \/>\n<meta property=\"og:site_name\" content=\"Vins de Bergerac et Duras\" \/>\n<meta property=\"article:modified_time\" content=\"2022-12-08T09:24:17+00:00\" \/>\n<meta property=\"og:image\" content=\"https:\/\/www.vins-bergeracduras.fr\/wp-content\/uploads\/2022\/10\/francois-kartheiser_oeufs-poche-aux-lentilles-vertes-photo-Anne-Bergeron-stylisme.jpg\" \/>\n\t<meta property=\"og:image:width\" content=\"708\" \/>\n\t<meta property=\"og:image:height\" content=\"1057\" \/>\n\t<meta property=\"og:image:type\" content=\"image\/jpeg\" \/>\n<meta name=\"twitter:card\" content=\"summary_large_image\" \/>\n<meta name=\"twitter:label1\" content=\"Est. reading time\" \/>\n\t<meta name=\"twitter:data1\" content=\"1 minute\" \/>\n<script type=\"application\/ld+json\" class=\"yoast-schema-graph\">{\"@context\":\"https:\/\/schema.org\",\"@graph\":[{\"@type\":\"WebPage\",\"@id\":\"https:\/\/www.vins-bergeracduras.fr\/en\/recette\/oeuf-poche-aux-lentilles-vertes-a-la-creme-de-champignons-et-au-foie-gras-de-canard-du-perigord-poele\/\",\"url\":\"https:\/\/www.vins-bergeracduras.fr\/en\/recette\/oeuf-poche-aux-lentilles-vertes-a-la-creme-de-champignons-et-au-foie-gras-de-canard-du-perigord-poele\/\",\"name\":\"Oeuf poch\u00e9 aux lentilles vertes, \u00e0 la cr\u00e8me de champignons et au foie gras de canard du P\u00e9rigord po\u00eal\u00e9 - Vins de Bergerac et Duras\",\"isPartOf\":{\"@id\":\"https:\/\/www.vins-bergeracduras.fr\/#website\"},\"primaryImageOfPage\":{\"@id\":\"https:\/\/www.vins-bergeracduras.fr\/en\/recette\/oeuf-poche-aux-lentilles-vertes-a-la-creme-de-champignons-et-au-foie-gras-de-canard-du-perigord-poele\/#primaryimage\"},\"image\":{\"@id\":\"https:\/\/www.vins-bergeracduras.fr\/en\/recette\/oeuf-poche-aux-lentilles-vertes-a-la-creme-de-champignons-et-au-foie-gras-de-canard-du-perigord-poele\/#primaryimage\"},\"thumbnailUrl\":\"https:\/\/www.vins-bergeracduras.fr\/wp-content\/uploads\/2022\/10\/francois-kartheiser_oeufs-poche-aux-lentilles-vertes-photo-Anne-Bergeron-stylisme.jpg\",\"datePublished\":\"2022-10-29T21:00:05+00:00\",\"dateModified\":\"2022-12-08T09:24:17+00:00\",\"breadcrumb\":{\"@id\":\"https:\/\/www.vins-bergeracduras.fr\/en\/recette\/oeuf-poche-aux-lentilles-vertes-a-la-creme-de-champignons-et-au-foie-gras-de-canard-du-perigord-poele\/#breadcrumb\"},\"inLanguage\":\"en-US\",\"potentialAction\":[{\"@type\":\"ReadAction\",\"target\":[\"https:\/\/www.vins-bergeracduras.fr\/en\/recette\/oeuf-poche-aux-lentilles-vertes-a-la-creme-de-champignons-et-au-foie-gras-de-canard-du-perigord-poele\/\"]}]},{\"@type\":\"ImageObject\",\"inLanguage\":\"en-US\",\"@id\":\"https:\/\/www.vins-bergeracduras.fr\/en\/recette\/oeuf-poche-aux-lentilles-vertes-a-la-creme-de-champignons-et-au-foie-gras-de-canard-du-perigord-poele\/#primaryimage\",\"url\":\"https:\/\/www.vins-bergeracduras.fr\/wp-content\/uploads\/2022\/10\/francois-kartheiser_oeufs-poche-aux-lentilles-vertes-photo-Anne-Bergeron-stylisme.jpg\",\"contentUrl\":\"https:\/\/www.vins-bergeracduras.fr\/wp-content\/uploads\/2022\/10\/francois-kartheiser_oeufs-poche-aux-lentilles-vertes-photo-Anne-Bergeron-stylisme.jpg\",\"width\":708,\"height\":1057},{\"@type\":\"BreadcrumbList\",\"@id\":\"https:\/\/www.vins-bergeracduras.fr\/en\/recette\/oeuf-poche-aux-lentilles-vertes-a-la-creme-de-champignons-et-au-foie-gras-de-canard-du-perigord-poele\/#breadcrumb\",\"itemListElement\":[{\"@type\":\"ListItem\",\"position\":1,\"name\":\"Accueil\",\"item\":\"https:\/\/www.vins-bergeracduras.fr\/en\/home\/\"},{\"@type\":\"ListItem\",\"position\":2,\"name\":\"recettes\",\"item\":\"https:\/\/www.vins-bergeracduras.fr\/recettes\/\"},{\"@type\":\"ListItem\",\"position\":3,\"name\":\"Oeuf poch\u00e9 aux lentilles vertes, \u00e0 la cr\u00e8me de champignons et au foie gras de canard du P\u00e9rigord po\u00eal\u00e9\"}]},{\"@type\":\"WebSite\",\"@id\":\"https:\/\/www.vins-bergeracduras.fr\/#website\",\"url\":\"https:\/\/www.vins-bergeracduras.fr\/\",\"name\":\"Vins de Bergerac et Duras\",\"description\":\"\",\"potentialAction\":[{\"@type\":\"SearchAction\",\"target\":{\"@type\":\"EntryPoint\",\"urlTemplate\":\"https:\/\/www.vins-bergeracduras.fr\/?s={search_term_string}\"},\"query-input\":{\"@type\":\"PropertyValueSpecification\",\"valueRequired\":true,\"valueName\":\"search_term_string\"}}],\"inLanguage\":\"en-US\"}]}<\/script>\n<!-- \/ Yoast SEO plugin. -->","yoast_head_json":{"title":"Oeuf poch\u00e9 aux lentilles vertes, \u00e0 la cr\u00e8me de champignons et au foie gras de canard du P\u00e9rigord po\u00eal\u00e9 - Vins de Bergerac et Duras","robots":{"index":"index","follow":"follow","max-snippet":"max-snippet:-1","max-image-preview":"max-image-preview:large","max-video-preview":"max-video-preview:-1"},"canonical":"https:\/\/www.vins-bergeracduras.fr\/en\/recette\/oeuf-poche-aux-lentilles-vertes-a-la-creme-de-champignons-et-au-foie-gras-de-canard-du-perigord-poele\/","og_locale":"en_US","og_type":"article","og_title":"Oeuf poch\u00e9 aux lentilles vertes, \u00e0 la cr\u00e8me de champignons et au foie gras de canard du P\u00e9rigord po\u00eal\u00e9 - Vins de Bergerac et Duras","og_description":"1\/ Faites revenir l\u2019oignon, la carotte, l\u2019ail, les lardons avec un filet d\u2019huile. Ajoutez les lentilles, le vin, le bouillon. Laissez mijoter \u00e0 couvert environ 40 minutes. Portez \u00e0 \u00e9bullition les queues de champignons avec le jus de citron et 50g d\u2019eau, versez la cr\u00e8me puis laissez r\u00e9duire \u00e0 feu doux. 2\/ Faites revenir les [&hellip;]","og_url":"https:\/\/www.vins-bergeracduras.fr\/en\/recette\/oeuf-poche-aux-lentilles-vertes-a-la-creme-de-champignons-et-au-foie-gras-de-canard-du-perigord-poele\/","og_site_name":"Vins de Bergerac et Duras","article_modified_time":"2022-12-08T09:24:17+00:00","og_image":[{"width":708,"height":1057,"url":"https:\/\/www.vins-bergeracduras.fr\/wp-content\/uploads\/2022\/10\/francois-kartheiser_oeufs-poche-aux-lentilles-vertes-photo-Anne-Bergeron-stylisme.jpg","type":"image\/jpeg"}],"twitter_card":"summary_large_image","twitter_misc":{"Est. reading time":"1 minute"},"schema":{"@context":"https:\/\/schema.org","@graph":[{"@type":"WebPage","@id":"https:\/\/www.vins-bergeracduras.fr\/en\/recette\/oeuf-poche-aux-lentilles-vertes-a-la-creme-de-champignons-et-au-foie-gras-de-canard-du-perigord-poele\/","url":"https:\/\/www.vins-bergeracduras.fr\/en\/recette\/oeuf-poche-aux-lentilles-vertes-a-la-creme-de-champignons-et-au-foie-gras-de-canard-du-perigord-poele\/","name":"Oeuf poch\u00e9 aux lentilles vertes, \u00e0 la cr\u00e8me de champignons et au foie gras de canard du P\u00e9rigord po\u00eal\u00e9 - Vins de Bergerac et Duras","isPartOf":{"@id":"https:\/\/www.vins-bergeracduras.fr\/#website"},"primaryImageOfPage":{"@id":"https:\/\/www.vins-bergeracduras.fr\/en\/recette\/oeuf-poche-aux-lentilles-vertes-a-la-creme-de-champignons-et-au-foie-gras-de-canard-du-perigord-poele\/#primaryimage"},"image":{"@id":"https:\/\/www.vins-bergeracduras.fr\/en\/recette\/oeuf-poche-aux-lentilles-vertes-a-la-creme-de-champignons-et-au-foie-gras-de-canard-du-perigord-poele\/#primaryimage"},"thumbnailUrl":"https:\/\/www.vins-bergeracduras.fr\/wp-content\/uploads\/2022\/10\/francois-kartheiser_oeufs-poche-aux-lentilles-vertes-photo-Anne-Bergeron-stylisme.jpg","datePublished":"2022-10-29T21:00:05+00:00","dateModified":"2022-12-08T09:24:17+00:00","breadcrumb":{"@id":"https:\/\/www.vins-bergeracduras.fr\/en\/recette\/oeuf-poche-aux-lentilles-vertes-a-la-creme-de-champignons-et-au-foie-gras-de-canard-du-perigord-poele\/#breadcrumb"},"inLanguage":"en-US","potentialAction":[{"@type":"ReadAction","target":["https:\/\/www.vins-bergeracduras.fr\/en\/recette\/oeuf-poche-aux-lentilles-vertes-a-la-creme-de-champignons-et-au-foie-gras-de-canard-du-perigord-poele\/"]}]},{"@type":"ImageObject","inLanguage":"en-US","@id":"https:\/\/www.vins-bergeracduras.fr\/en\/recette\/oeuf-poche-aux-lentilles-vertes-a-la-creme-de-champignons-et-au-foie-gras-de-canard-du-perigord-poele\/#primaryimage","url":"https:\/\/www.vins-bergeracduras.fr\/wp-content\/uploads\/2022\/10\/francois-kartheiser_oeufs-poche-aux-lentilles-vertes-photo-Anne-Bergeron-stylisme.jpg","contentUrl":"https:\/\/www.vins-bergeracduras.fr\/wp-content\/uploads\/2022\/10\/francois-kartheiser_oeufs-poche-aux-lentilles-vertes-photo-Anne-Bergeron-stylisme.jpg","width":708,"height":1057},{"@type":"BreadcrumbList","@id":"https:\/\/www.vins-bergeracduras.fr\/en\/recette\/oeuf-poche-aux-lentilles-vertes-a-la-creme-de-champignons-et-au-foie-gras-de-canard-du-perigord-poele\/#breadcrumb","itemListElement":[{"@type":"ListItem","position":1,"name":"Accueil","item":"https:\/\/www.vins-bergeracduras.fr\/en\/home\/"},{"@type":"ListItem","position":2,"name":"recettes","item":"https:\/\/www.vins-bergeracduras.fr\/recettes\/"},{"@type":"ListItem","position":3,"name":"Oeuf poch\u00e9 aux lentilles vertes, \u00e0 la cr\u00e8me de champignons et au foie gras de canard du P\u00e9rigord po\u00eal\u00e9"}]},{"@type":"WebSite","@id":"https:\/\/www.vins-bergeracduras.fr\/#website","url":"https:\/\/www.vins-bergeracduras.fr\/","name":"Vins de Bergerac et Duras","description":"","potentialAction":[{"@type":"SearchAction","target":{"@type":"EntryPoint","urlTemplate":"https:\/\/www.vins-bergeracduras.fr\/?s={search_term_string}"},"query-input":{"@type":"PropertyValueSpecification","valueRequired":true,"valueName":"search_term_string"}}],"inLanguage":"en-US"}]}},"_links":{"self":[{"href":"https:\/\/www.vins-bergeracduras.fr\/en\/wp-json\/wp\/v2\/recette\/10489","targetHints":{"allow":["GET"]}}],"collection":[{"href":"https:\/\/www.vins-bergeracduras.fr\/en\/wp-json\/wp\/v2\/recette"}],"about":[{"href":"https:\/\/www.vins-bergeracduras.fr\/en\/wp-json\/wp\/v2\/types\/recette"}],"author":[{"embeddable":true,"href":"https:\/\/www.vins-bergeracduras.fr\/en\/wp-json\/wp\/v2\/users\/1"}],"version-history":[{"count":0,"href":"https:\/\/www.vins-bergeracduras.fr\/en\/wp-json\/wp\/v2\/recette\/10489\/revisions"}],"wp:featuredmedia":[{"embeddable":true,"href":"https:\/\/www.vins-bergeracduras.fr\/en\/wp-json\/wp\/v2\/media\/9855"}],"wp:attachment":[{"href":"https:\/\/www.vins-bergeracduras.fr\/en\/wp-json\/wp\/v2\/media?parent=10489"}],"wp:term":[{"taxonomy":"tax_recette","embeddable":true,"href":"https:\/\/www.vins-bergeracduras.fr\/en\/wp-json\/wp\/v2\/tax_recette?post=10489"}],"curies":[{"name":"wp","href":"https:\/\/api.w.org\/{rel}","templated":true}]}}